{"id":319,"date":"2018-12-03T17:45:04","date_gmt":"2018-12-03T16:45:04","guid":{"rendered":"http:\/\/uksondraszek.pl\/test\/?page_id=319"},"modified":"2022-10-31T18:06:35","modified_gmt":"2022-10-31T17:06:35","slug":"13-lat","status":"publish","type":"page","link":"https:\/\/www.uksondraszek.pl\/index.php\/klub\/rekordy-klubu-2\/chlopcy\/13-lat\/","title":{"rendered":"13 lat"},"content":{"rendered":"\n<table class=\"wp-block-table\"><tbody><tr><td>\n\t\t\t<strong>Styl, dystans<\/strong>\n\t\t<\/td><td>\n\t\t\t<strong>czas<\/strong>\n\t\t<\/td><td>\n\t\t\t<strong>zawodnik<\/strong>\n\t\t<\/td><td>\n\t\t\t<strong>data<\/strong>\n\t\t<\/td><td>\n\t\t\t<strong>miejscowo\u015b\u0107<\/strong>\n\t\t<\/td><\/tr><tr><td>\n\t\t\tDowolny, 50m\n\t\t<\/td><td> 28,73 <\/td><td>Maksymilian Ja\u0144czyk <\/td><td> 19.12.2020<\/td><td> Radlin <\/td><\/tr><tr><td>\n\t\t\tDowolny, 100m\n\t\t<\/td><td> 01:03,50 <\/td><td> Kamil Twardowski <\/td><td> 30.03.2019 <\/td><td> Wola<\/td><\/tr><tr><td>\n\t\t\tDowolny, 200m\n\t\t<\/td><td>\n\t\t\t02:37,07\n\t\t<\/td><td>\n\t\t\tJan Wi\u0119zik\n\t\t<\/td><td>\n\t\t\t5.02.2016\n\t\t<\/td><td>\n\t\t\tRadlin\n\t\t<\/td><\/tr><tr><td>\n\t\t\tDowolny, 400m\n\t\t<\/td><td>\n\t\t\t05:13,47\n\t\t<\/td><td>\n\t\t\tJan Wi\u0119zik\n\t\t<\/td><td>\n\t\t\t20.05.2016\n\t\t<\/td><td>\n\t\t\tD\u0105browa G\u00f3rn.\n\t\t<\/td><\/tr><tr><td>\n\t\t\tDowolny, 800m\n\t\t<\/td><td>\n\t\t\t&#8211;\n\t\t<\/td><td>\n\t\t\t&#8211;\n\t\t<\/td><td>\n\t\t\t&#8211;\n\t\t<\/td><td>\n\t\t\t&#8211;\n\t\t<\/td><\/tr><tr><td>\n\t\t\tDowolny, 1500m\n\t\t<\/td><td>\n\t\t\t&#8211;\n\t\t<\/td><td>\n\t\t\t&#8211;\n\t\t<\/td><td>\n\t\t\t&#8211;\n\t\t<\/td><td>\n\t\t\t&#8211;\n\t\t<\/td><\/tr><tr><td>\n\t\t\t<strong>Klasyczny, 50m<\/strong>\n\t\t<\/td><td>\n\t\t\t<strong>37,19<\/strong>\n\t\t<\/td><td>\n\t\t\t<strong>Filip Studencki<\/strong>\n\t\t<\/td><td>\n\t\t\t<strong>12.05.2012<\/strong>\n\t\t<\/td><td>\n\t\t\t<strong>Cieszyn<\/strong>\n\t\t<\/td><\/tr><tr><td>\n\t\t\t<strong>Klasyczny, 100m<\/strong>\n\t\t<\/td><td> <strong>01:22,09<\/strong> <\/td><td> <strong>Maksymilian Ja\u0144czyk<\/strong>  <\/td><td> <strong>19.12.2020<\/strong> <\/td><td> <strong>O\u015bwi\u0119cim<\/strong> <\/td><\/tr><tr><td>\n\t\t\t<strong>Klasyczny, 200m<\/strong>\n\t\t<\/td><td>\n\t\t\t<strong>03:12,91<\/strong>\n\t\t<\/td><td>\n\t\t\t<strong>Filip Studencki<\/strong>\n\t\t<\/td><td>\n\t\t\t<strong>20.10.2012<\/strong>\n\t\t<\/td><td>\n\t\t\t<strong>Cieszyn<\/strong>\n\t\t<\/td><\/tr><tr><td>\n\t\t\tGrzbietowy, 50m\n\t\t<\/td><td> 31,29 <\/td><td> Maksymilian Ja\u0144czyk  <\/td><td> 19.12.2020 <\/td><td> Radlin <\/td><\/tr><tr><td>\n\t\t\tGrzbietowy, 100m\n\t\t<\/td><td> 01:07,81<\/td><td> Maksymilian Ja\u0144czyk  <\/td><td> 29.10.2020 <\/td><td> Gliwice <\/td><\/tr><tr><td>\n\t\t\tGrzbietowy, 200m\n\t\t<\/td><td> 02:35,62 <\/td><td> Maksymilian Ja\u0144czyk  <\/td><td> 16.12.2019 <\/td><td>Gliwice <\/td><\/tr><tr><td>\n\t\t\t<strong>Motylkowy, 50m<\/strong>\n\t\t<\/td><td> <strong>30,03<\/strong> <\/td><td><strong> Maksymilian Ja\u0144czyk<\/strong> <\/td><td><strong>19.12.2020<\/strong><\/td><td><strong>Radlin<\/strong> <\/td><\/tr><tr><td>\n\t\t\t<strong>Motylkowy, 100m<\/strong>\n\t\t<\/td><td> <strong>01:08,53<\/strong><\/td><td><strong>Maksymilian Ja\u0144czyk  <\/strong><\/td><td> <strong>28.10.2020<\/strong><\/td><td> <strong>Gliwice<\/strong> <\/td><\/tr><tr><td>\n\t\t\t<strong>Motylkowy, 200m<\/strong>\n\t\t<\/td><td>\n\t\t\t<strong>&#8211;<\/strong>\n\t\t<\/td><td>\n\t\t\t<strong>&#8211;<\/strong>\n\t\t<\/td><td>\n\t\t\t<strong>&#8211;<\/strong>\n\t\t<\/td><td>\n\t\t\t<strong>&#8211;<\/strong>\n\t\t<\/td><\/tr><tr><td>\n\t\t\tZmienny, 100m\n\t\t<\/td><td> 01:11,33 <\/td><td> Maksymilian Ja\u0144czyk  <\/td><td> 28.10.2020<\/td><td> Gliwice <\/td><\/tr><tr><td>\n\t\t\tZmienny, 200m\n\t\t<\/td><td>\n\t\t\t02:39,23\n\t\t<\/td><td>\n\t\t\tWojciech Bia\u0142ecki\n\t\t<\/td><td>\n\t\t\t7.06.2017\n\t\t<\/td><td>\n\t\t\tRadlin\n\t\t<\/td><\/tr><tr><td>\n\t\t\tZmienny, 400m\n\t\t<\/td><td>\n\t\t\t&#8211;\n\t\t<\/td><td>\n\t\t\t&#8211;\n\t\t<\/td><td>\n\t\t\t&#8211;\n\t\t<\/td><td>\n\t\t\t&#8211;\n\t\t<\/td><\/tr><\/tbody><\/table>\n\n\n\n<p>basen 25m, wyniki z www.swimrankings.net, aktualizacja: 31 pa\u017adziernika 2022 roku<\/p>\n","protected":false},"excerpt":{"rendered":"<p>Styl, dystans czas zawodnik data miejscowo\u015b\u0107 Dowolny, 50m 28,73 Maksymilian Ja\u0144czyk 19.12.2020 Radlin Dowolny, 100m 01:03,50 Kamil Twardowski 30.03.2019 Wola Dowolny, 200m 02:37,07 Jan Wi\u0119zik 5.02.2016 Radlin Dowolny, 400m 05:13,47 Jan Wi\u0119zik 20.05.2016 D\u0105browa G\u00f3rn. Dowolny, 800m &#8211; &#8211; &#8211; &#8211; Dowolny, 1500m &#8211; &#8211; &#8211; &#8211; Klasyczny, 50m 37,19 Filip Studencki 12.05.2012 Cieszyn Klasyczny,&hellip; <br \/> <a class=\"read-more\" href=\"https:\/\/www.uksondraszek.pl\/index.php\/klub\/rekordy-klubu-2\/chlopcy\/13-lat\/\">Dowiedz si\u0119 wi\u0119cej<\/a><\/p>\n","protected":false},"author":1,"featured_media":0,"parent":261,"menu_order":0,"comment_status":"closed","ping_status":"closed","template":"","meta":{"_monsterinsights_skip_tracking":false,"_monsterinsights_sitenote_active":false,"_monsterinsights_sitenote_note":"","_monsterinsights_sitenote_category":0,"footnotes":""},"class_list":["post-319","page","type-page","status-publish","hentry"],"_links":{"self":[{"href":"https:\/\/www.uksondraszek.pl\/index.php\/wp-json\/wp\/v2\/pages\/319","targetHints":{"allow":["GET"]}}],"collection":[{"href":"https:\/\/www.uksondraszek.pl\/index.php\/wp-json\/wp\/v2\/pages"}],"about":[{"href":"https:\/\/www.uksondraszek.pl\/index.php\/wp-json\/wp\/v2\/types\/page"}],"author":[{"embeddable":true,"href":"https:\/\/www.uksondraszek.pl\/index.php\/wp-json\/wp\/v2\/users\/1"}],"replies":[{"embeddable":true,"href":"https:\/\/www.uksondraszek.pl\/index.php\/wp-json\/wp\/v2\/comments?post=319"}],"version-history":[{"count":7,"href":"https:\/\/www.uksondraszek.pl\/index.php\/wp-json\/wp\/v2\/pages\/319\/revisions"}],"predecessor-version":[{"id":1270,"href":"https:\/\/www.uksondraszek.pl\/index.php\/wp-json\/wp\/v2\/pages\/319\/revisions\/1270"}],"up":[{"embeddable":true,"href":"https:\/\/www.uksondraszek.pl\/index.php\/wp-json\/wp\/v2\/pages\/261"}],"wp:attachment":[{"href":"https:\/\/www.uksondraszek.pl\/index.php\/wp-json\/wp\/v2\/media?parent=319"}],"curies":[{"name":"wp","href":"https:\/\/api.w.org\/{rel}","templated":true}]}}